{"id":342,"date":"2023-08-07T13:28:34","date_gmt":"2023-08-07T16:28:34","guid":{"rendered":"http:\/\/governo.sorocaba.sp.gov.br\/procon\/?page_id=342"},"modified":"2024-04-17T11:20:42","modified_gmt":"2024-04-17T14:20:42","slug":"sites-uteis","status":"publish","type":"page","link":"https:\/\/governo.sorocaba.sp.gov.br\/procon\/sites-uteis\/","title":{"rendered":"Sites \u00fateis"},"content":{"rendered":"\r\n<h4 class=\"wp-block-heading\"><p style=\"text-align: justify\">Sites utilizados com frequ\u00eancia:<\/p><\/h4>\r\n&nbsp;\r\n<h4><strong>DEFESA DO CONSUMIDOR<\/strong><\/h4>\r\n \r\n<ul>\r\n \t<li><a style=\"color: blue;text-align: justify\" href=\"http:\/\/www.justica.gov.br\/seus-direitos\/consumidor\" target=\"_blank\" rel=\"noreferrer noopener\">SENACON\/MJ<\/a> &#8211; Secretaria Nacional do Consumidor<\/li>\r\n \t<li><a style=\"color: blue;text-align: justify\" href=\"http:\/\/www.procon.sp.gov.br\/\" target=\"_blank\" rel=\"noreferrer noopener\">Funda\u00e7\u00e3o PROCON<\/a> do Estado de S\u00e3o Paulo<\/li>\r\n<\/ul>\r\n \r\n<div class=\"wp-block-spacer\"><\/div>\r\n \r\n&nbsp;\r\n<h4 class=\"wp-block-heading\"><strong>AG\u00caNCIAS REGULADORAS<\/strong><\/h4>\r\n \r\n<ul>\r\n \t<li><a style=\"color: blue\" href=\"http:\/\/www.anac.gov.br\/\" target=\"_blank\" rel=\"noreferrer noopener\">ANAC <\/a>\u2013 Ag\u00eancia Nacional de Avia\u00e7\u00e3o Civil<\/li>\r\n \t<li><a style=\"color: blue\" href=\"http:\/\/www.ana.gov.br\/\" target=\"_blank\" rel=\"noreferrer noopener\">ANA <\/a>\u2013 Ag\u00eancia Nacional de \u00c1guas<\/li>\r\n \t<li><a style=\"color: blue\" href=\"http:\/\/www.anatel.gov.br\/\" target=\"_blank\" rel=\"noreferrer noopener\">ANATEL<\/a> &#8211; Ag\u00eancia Nacional de Telecomunica\u00e7\u00f5es<\/li>\r\n \t<li><a style=\"color: blue\" href=\"http:\/\/www.ancine.gov.br\/\" target=\"_blank\" rel=\"noreferrer noopener\">ANCINE<\/a> \u2013 Ag\u00eancia Nacional de Cinema<\/li>\r\n \t<li><a style=\"color: blue\" href=\"http:\/\/www.aneel.gov.br\/\" target=\"_blank\" rel=\"noreferrer noopener\">ANEEL<\/a> \u2013 Ag\u00eancia Nacional de Energia El\u00e9trica<\/li>\r\n \t<li><a style=\"color: blue\" href=\"http:\/\/www.anm.gov.br\/\">ANM<\/a> &#8211; Ag\u00eancia Nacional de Minera\u00e7\u00e3o<\/li>\r\n \t<li><a style=\"color: blue\" href=\"http:\/\/www.anp.gov.br\/\" target=\"_blank\" rel=\"noreferrer noopener\">ANP <\/a>&#8211; Ag\u00eancia Nacional de Petr\u00f3leo, G\u00e1s Natural e Biocombust\u00edveis<\/li>\r\n \t<li><a style=\"color: blue\" href=\"http:\/\/www.ans.gov.br\/\" target=\"_blank\" rel=\"noreferrer noopener\">ANS<\/a> &#8211; Ag\u00eancia Nacional de Sa\u00fade Suplementar<\/li>\r\n \t<li><a style=\"color: blue\" href=\"http:\/\/www.antt.gov.br\/\" target=\"_blank\" rel=\"noreferrer noopener\">ANTT<\/a> \u2013 Ag\u00eancia Nacional de Transportes Terrestres<\/li>\r\n \t<li><a style=\"color: blue\" href=\"http:\/\/www.antaq.gov.br\/\" target=\"_blank\" rel=\"noreferrer noopener\">ANTAQ<\/a> \u2013 Ag\u00eancia Nacional de Transportes Aquavi\u00e1rios<\/li>\r\n \t<li><a style=\"color: blue\" href=\"http:\/\/www.anvisa.gov.br\/\" target=\"_blank\" rel=\"noreferrer noopener\">ANVISA<\/a> \u2013 Ag\u00eancia Nacional de Vigil\u00e2ncia Sanit\u00e1ria<\/li>\r\n<\/ul>\r\n \r\n<div class=\"wp-block-spacer\"><\/div>\r\n \r\n&nbsp;\r\n<h4 class=\"wp-block-heading\"><strong>ASSOCIA\u00c7\u00d5ES CIVIS<\/strong><\/h4>\r\n \r\n<ul>\r\n \t<li><a style=\"color: blue\" href=\"http:\/\/www.abradecont.org.br\/\" target=\"_blank\" rel=\"noreferrer noopener\">ABRADECONT<\/a>\u00a0&#8211; Associa\u00e7\u00e3o Brasileira de Defesa do Consumidor e Trabalhador<\/li>\r\n \t<li><a style=\"color: blue\" href=\"http:\/\/www.andif.com.br\/\" target=\"_blank\" rel=\"noreferrer noopener\">ANDIF<\/a> &#8211; Associa\u00e7\u00e3o nacional de Defesa dos Consumidores do sistema Financeiro<\/li>\r\n \t<li><a style=\"color: blue\" href=\"http:\/\/www.anacont.org.br\/\" target=\"_blank\" rel=\"noreferrer noopener\">ANACONT<\/a>\u00a0&#8211; Associa\u00e7\u00e3o Nacional de Assist\u00eancia ao Consumidor e Trabalhador<\/li>\r\n \t<li><a style=\"color: blue\" href=\"http:\/\/www.brasilcon.org.br\/\" target=\"_blank\" rel=\"noreferrer noopener\">BRASILCON<\/a>\u00a0&#8211; Instituto Brasileiro de Pol\u00edtica e Direito do Consumidor<\/li>\r\n \t<li><a style=\"color: blue\" href=\"http:\/\/www.forumdoconsumidor.org.br\/\" target=\"_blank\" rel=\"noreferrer noopener\">FNECDC<\/a>\u00a0&#8211; F\u00f3rum Nacional de Entidades Civis de Defesa do Consumidor<\/li>\r\n \t<li><a style=\"color: blue\" href=\"http:\/\/www.idec.org.br\/\" target=\"_blank\" rel=\"noreferrer noopener\">IDEC<\/a>\u00a0&#8211; Instituto Brasileiro de Defesa do Consumidor<\/li>\r\n \t<li><a style=\"color: blue\" href=\"http:\/\/www.proteste.org.br\/\" target=\"_blank\" rel=\"noreferrer noopener\">PROTESTE<\/a>\u00a0&#8211; Associa\u00e7\u00e3o Brasileira de Defesa do Consumidor<\/li>\r\n<\/ul>\r\n \r\n<div class=\"wp-block-spacer\"><\/div>\r\n \r\n&nbsp;\r\n<h4 class=\"wp-block-heading\"><strong>PREFEITURA DE SOROCABA<\/strong><\/h4>\r\n \r\n\r\n<a style=\"color: blue\" href=\"http:\/\/ouvidoria.sorocaba.sp.gov.br\/\" target=\"_blank\" rel=\"noreferrer noopener\">Ouvidoria Geral do Munic\u00edpio<\/a>\r\n\r\n","protected":false},"excerpt":{"rendered":"<p>Sites utilizados com frequ\u00eancia: &nbsp; DEFESA DO CONSUMIDOR SENACON\/MJ &#8211; Secretaria Nacional do Consumidor Funda\u00e7\u00e3o PROCON do Estado de S\u00e3o Paulo &nbsp; AG\u00caNCIAS REGULADORAS ANAC \u2013 Ag\u00eancia Nacional de Avia\u00e7\u00e3o Civil ANA \u2013 Ag\u00eancia Nacional de \u00c1guas ANATEL &#8211; Ag\u00eancia Nacional de Telecomunica\u00e7\u00f5es ANCINE \u2013 Ag\u00eancia Nacional de Cinema ANEEL \u2013 Ag\u00eancia Nacional de Energia&nbsp; <a href=\"https:\/\/governo.sorocaba.sp.gov.br\/procon\/sites-uteis\/\">&hellip; Leia mais<\/a><\/p>\n","protected":false},"author":1,"featured_media":0,"parent":0,"menu_order":0,"comment_status":"closed","ping_status":"closed","template":"page-subsite-menu.php","meta":{"footnotes":""},"class_list":["post-342","page","type-page","status-publish","hentry"],"_links":{"self":[{"href":"https:\/\/governo.sorocaba.sp.gov.br\/procon\/wp-json\/wp\/v2\/pages\/342","targetHints":{"allow":["GET"]}}],"collection":[{"href":"https:\/\/governo.sorocaba.sp.gov.br\/procon\/wp-json\/wp\/v2\/pages"}],"about":[{"href":"https:\/\/governo.sorocaba.sp.gov.br\/procon\/wp-json\/wp\/v2\/types\/page"}],"author":[{"embeddable":true,"href":"https:\/\/governo.sorocaba.sp.gov.br\/procon\/wp-json\/wp\/v2\/users\/1"}],"replies":[{"embeddable":true,"href":"https:\/\/governo.sorocaba.sp.gov.br\/procon\/wp-json\/wp\/v2\/comments?post=342"}],"version-history":[{"count":43,"href":"https:\/\/governo.sorocaba.sp.gov.br\/procon\/wp-json\/wp\/v2\/pages\/342\/revisions"}],"predecessor-version":[{"id":446,"href":"https:\/\/governo.sorocaba.sp.gov.br\/procon\/wp-json\/wp\/v2\/pages\/342\/revisions\/446"}],"wp:attachment":[{"href":"https:\/\/governo.sorocaba.sp.gov.br\/procon\/wp-json\/wp\/v2\/media?parent=342"}],"curies":[{"name":"wp","href":"https:\/\/api.w.org\/{rel}","templated":true}]}}